{"id":2132,"date":"2025-06-19T15:10:07","date_gmt":"2025-06-19T13:10:07","guid":{"rendered":"https:\/\/nmevents.se\/medtechdagen\/?page_id=2132"},"modified":"2025-09-24T13:30:29","modified_gmt":"2025-09-24T11:30:29","slug":"mot-vara-talare","status":"publish","type":"page","link":"https:\/\/nmevents.se\/medtechdagen\/mot-vara-talare\/","title":{"rendered":"Talare"},"content":{"rendered":"\t\t<div data-elementor-type=\"wp-page\" data-elementor-id=\"2132\" class=\"elementor elementor-2132\" data-elementor-post-type=\"page\">\n\t\t\t\t<div class=\"elementor-element elementor-element-610c62f e-flex e-con-boxed e-con e-parent\" data-id=\"610c62f\" data-element_type=\"container\" data-core-v316-plus=\"true\">\n\t\t\t\t\t<div class=\"e-con-inner\">\n\t\t\t\t<div class=\"elementor-element elementor-element-b741289 elementor-widget elementor-widget-spacer\" data-id=\"b741289\" data-element_type=\"widget\" data-widget_type=\"spacer.default\">\n\t\t\t\t<div class=\"elementor-widget-container\">\n\t\t\t<style>\/*! elementor - v3.20.0 - 20-03-2024 *\/\n.elementor-column .elementor-spacer-inner{height:var(--spacer-size)}.e-con{--container-widget-width:100%}.e-con-inner>.elementor-widget-spacer,.e-con>.elementor-widget-spacer{width:var(--container-widget-width,var(--spacer-size));--align-self:var(--container-widget-align-self,initial);--flex-shrink:0}.e-con-inner>.elementor-widget-spacer>.elementor-widget-container,.e-con>.elementor-widget-spacer>.elementor-widget-container{height:100%;width:100%}.e-con-inner>.elementor-widget-spacer>.elementor-widget-container>.elementor-spacer,.e-con>.elementor-widget-spacer>.elementor-widget-container>.elementor-spacer{height:100%}.e-con-inner>.elementor-widget-spacer>.elementor-widget-container>.elementor-spacer>.elementor-spacer-inner,.e-con>.elementor-widget-spacer>.elementor-widget-container>.elementor-spacer>.elementor-spacer-inner{height:var(--container-widget-height,var(--spacer-size))}.e-con-inner>.elementor-widget-spacer.elementor-widget-empty,.e-con>.elementor-widget-spacer.elementor-widget-empty{position:relative;min-height:22px;min-width:22px}.e-con-inner>.elementor-widget-spacer.elementor-widget-empty .elementor-widget-empty-icon,.e-con>.elementor-widget-spacer.elementor-widget-empty .elementor-widget-empty-icon{position:absolute;top:0;bottom:0;left:0;right:0;margin:auto;padding:0;width:22px;height:22px}<\/style>\t\t<div class=\"elementor-spacer\">\n\t\t\t<div class=\"elementor-spacer-inner\"><\/div>\n\t\t<\/div>\n\t\t\t\t<\/div>\n\t\t\t\t<\/div>\n\t\t\t\t\t<\/div>\n\t\t\t\t<\/div>\n\t\t<div class=\"elementor-element elementor-element-8623514 e-con-full e-flex e-con e-parent\" data-id=\"8623514\" data-element_type=\"container\" data-core-v316-plus=\"true\">\n\t\t<div class=\"elementor-element elementor-element-0772332 e-con-full e-flex e-con e-child\" data-id=\"0772332\" data-element_type=\"container\">\n\t\t<div class=\"elementor-element elementor-element-a14c996 e-con-full e-flex e-con e-child\" data-id=\"a14c996\" data-element_type=\"container\">\n\t\t\t\t<div class=\"elementor-element elementor-element-a68967d elementor-absolute elementor-widget elementor-widget-heading\" data-id=\"a68967d\" data-element_type=\"widget\" data-settings=\"{&quot;_position&quot;:&quot;absolute&quot;}\" data-widget_type=\"heading.default\">\n\t\t\t\t<div class=\"elementor-widget-container\">\n\t\t\t<style>\/*! elementor - v3.20.0 - 20-03-2024 *\/\n.elementor-heading-title{padding:0;margin:0;line-height:1}.elementor-widget-heading .elementor-heading-title[class*=elementor-size-]>a{color:inherit;font-size:inherit;line-height:inherit}.elementor-widget-heading .elementor-heading-title.elementor-size-small{font-size:15px}.elementor-widget-heading .elementor-heading-title.elementor-size-medium{font-size:19px}.elementor-widget-heading .elementor-heading-title.elementor-size-large{font-size:29px}.elementor-widget-heading .elementor-heading-title.elementor-size-xl{font-size:39px}.elementor-widget-heading .elementor-heading-title.elementor-size-xxl{font-size:59px}<\/style><h2 class=\"elementor-heading-title elementor-size-default\">Dagens moderator<\/h2>\t\t<\/div>\n\t\t\t\t<\/div>\n\t\t\t\t<div class=\"elementor-element elementor-element-f0e27ca elementor-widget elementor-widget-image\" data-id=\"f0e27ca\" data-element_type=\"widget\" data-widget_type=\"image.default\">\n\t\t\t\t<div class=\"elementor-widget-container\">\n\t\t\t<style>\/*! elementor - v3.20.0 - 20-03-2024 *\/\n.elementor-widget-image{text-align:center}.elementor-widget-image a{display:inline-block}.elementor-widget-image a img[src$=\".svg\"]{width:48px}.elementor-widget-image img{vertical-align:middle;display:inline-block}<\/style>\t\t\t\t\t\t\t\t\t\t<img fetchpriority=\"high\" decoding=\"async\" width=\"300\" height=\"300\" src=\"https:\/\/nmevents.se\/medtechdagen\/wp-content\/uploads\/sites\/65\/2025\/09\/Medtechdagen25_talare_Linda_1-300x300.png\" class=\"attachment-medium size-medium wp-image-2499\" alt=\"\" srcset=\"https:\/\/nmevents.se\/medtechdagen\/wp-content\/uploads\/sites\/65\/2025\/09\/Medtechdagen25_talare_Linda_1-300x300.png 300w, https:\/\/nmevents.se\/medtechdagen\/wp-content\/uploads\/sites\/65\/2025\/09\/Medtechdagen25_talare_Linda_1-150x150.png 150w, https:\/\/nmevents.se\/medtechdagen\/wp-content\/uploads\/sites\/65\/2025\/09\/Medtechdagen25_talare_Linda_1-768x765.png 768w, https:\/\/nmevents.se\/medtechdagen\/wp-content\/uploads\/sites\/65\/2025\/09\/Medtechdagen25_talare_Linda_1.png 774w\" sizes=\"(max-width: 300px) 100vw, 300px\" \/>\t\t\t\t\t\t\t\t\t\t\t\t\t<\/div>\n\t\t\t\t<\/div>\n\t\t\t\t<div class=\"elementor-element elementor-element-19b24a9 elementor-widget elementor-widget-heading\" data-id=\"19b24a9\" data-element_type=\"widget\" data-widget_type=\"heading.default\">\n\t\t\t\t<div class=\"elementor-widget-container\">\n\t\t\t<h3 class=\"elementor-heading-title elementor-size-default\">Linda Nyberg<\/h3>\t\t<\/div>\n\t\t\t\t<\/div>\n\t\t\t\t<div class=\"elementor-element elementor-element-40802d5 elementor-widget elementor-widget-text-editor\" data-id=\"40802d5\" data-element_type=\"widget\" data-widget_type=\"text-editor.default\">\n\t\t\t\t<div class=\"elementor-widget-container\">\n\t\t\t<style>\/*! elementor - v3.20.0 - 20-03-2024 *\/\n.elementor-widget-text-editor.elementor-drop-cap-view-stacked .elementor-drop-cap{background-color:#69727d;color:#fff}.elementor-widget-text-editor.elementor-drop-cap-view-framed .elementor-drop-cap{color:#69727d;border:3px solid;background-color:transparent}.elementor-widget-text-editor:not(.elementor-drop-cap-view-default) .elementor-drop-cap{margin-top:8px}.elementor-widget-text-editor:not(.elementor-drop-cap-view-default) .elementor-drop-cap-letter{width:1em;height:1em}.elementor-widget-text-editor .elementor-drop-cap{float:left;text-align:center;line-height:1;font-size:50px}.elementor-widget-text-editor .elementor-drop-cap-letter{display:inline-block}<\/style>\t\t\t\t<p>PR- och kommunikationsexpert<\/p>\t\t\t\t\t\t<\/div>\n\t\t\t\t<\/div>\n\t\t\t\t<\/div>\n\t\t<div class=\"elementor-element elementor-element-4055343 e-con-full e-flex e-con e-child\" data-id=\"4055343\" data-element_type=\"container\">\n\t\t\t\t<div class=\"elementor-element elementor-element-ece1e9d elementor-widget elementor-widget-image\" data-id=\"ece1e9d\" data-element_type=\"widget\" data-widget_type=\"image.default\">\n\t\t\t\t<div class=\"elementor-widget-container\">\n\t\t\t\t\t\t\t\t\t\t\t\t\t<img decoding=\"async\" width=\"300\" height=\"300\" src=\"https:\/\/nmevents.se\/medtechdagen\/wp-content\/uploads\/sites\/65\/2025\/08\/Medtechdagen25_talare_Anna-300x300.png\" class=\"attachment-medium size-medium wp-image-2359\" alt=\"\" srcset=\"https:\/\/nmevents.se\/medtechdagen\/wp-content\/uploads\/sites\/65\/2025\/08\/Medtechdagen25_talare_Anna-300x300.png 300w, https:\/\/nmevents.se\/medtechdagen\/wp-content\/uploads\/sites\/65\/2025\/08\/Medtechdagen25_talare_Anna-150x150.png 150w, https:\/\/nmevents.se\/medtechdagen\/wp-content\/uploads\/sites\/65\/2025\/08\/Medtechdagen25_talare_Anna-768x765.png 768w, https:\/\/nmevents.se\/medtechdagen\/wp-content\/uploads\/sites\/65\/2025\/08\/Medtechdagen25_talare_Anna.png 774w\" sizes=\"(max-width: 300px) 100vw, 300px\" \/>\t\t\t\t\t\t\t\t\t\t\t\t\t<\/div>\n\t\t\t\t<\/div>\n\t\t\t\t<div class=\"elementor-element elementor-element-526d1bf elementor-widget elementor-widget-heading\" data-id=\"526d1bf\" data-element_type=\"widget\" data-widget_type=\"heading.default\">\n\t\t\t\t<div class=\"elementor-widget-container\">\n\t\t\t<h3 class=\"elementor-heading-title elementor-size-default\">Anna Lefevre Skj\u00f6ldebrand <\/h3>\t\t<\/div>\n\t\t\t\t<\/div>\n\t\t\t\t<div class=\"elementor-element elementor-element-02c0737 elementor-widget elementor-widget-text-editor\" data-id=\"02c0737\" data-element_type=\"widget\" data-widget_type=\"text-editor.default\">\n\t\t\t\t<div class=\"elementor-widget-container\">\n\t\t\t\t\t\t\t<p>VD<br \/><strong>Swedish Medtech<\/strong><\/p>\t\t\t\t\t\t<\/div>\n\t\t\t\t<\/div>\n\t\t\t\t<\/div>\n\t\t<div class=\"elementor-element elementor-element-5517340 e-con-full e-flex e-con e-child\" data-id=\"5517340\" data-element_type=\"container\">\n\t\t\t\t<div class=\"elementor-element elementor-element-99d4c39 elementor-widget elementor-widget-image\" data-id=\"99d4c39\" data-element_type=\"widget\" data-widget_type=\"image.default\">\n\t\t\t\t<div class=\"elementor-widget-container\">\n\t\t\t\t\t\t\t\t\t\t\t\t\t<img decoding=\"async\" width=\"300\" height=\"300\" src=\"https:\/\/nmevents.se\/medtechdagen\/wp-content\/uploads\/sites\/65\/2025\/08\/Medtechdagen25_talare_Peter-300x300.png\" class=\"attachment-medium size-medium wp-image-2360\" alt=\"\" srcset=\"https:\/\/nmevents.se\/medtechdagen\/wp-content\/uploads\/sites\/65\/2025\/08\/Medtechdagen25_talare_Peter-300x300.png 300w, https:\/\/nmevents.se\/medtechdagen\/wp-content\/uploads\/sites\/65\/2025\/08\/Medtechdagen25_talare_Peter-150x150.png 150w, https:\/\/nmevents.se\/medtechdagen\/wp-content\/uploads\/sites\/65\/2025\/08\/Medtechdagen25_talare_Peter-768x765.png 768w, https:\/\/nmevents.se\/medtechdagen\/wp-content\/uploads\/sites\/65\/2025\/08\/Medtechdagen25_talare_Peter.png 774w\" sizes=\"(max-width: 300px) 100vw, 300px\" \/>\t\t\t\t\t\t\t\t\t\t\t\t\t<\/div>\n\t\t\t\t<\/div>\n\t\t\t\t<div class=\"elementor-element elementor-element-e002e65 elementor-widget elementor-widget-heading\" data-id=\"e002e65\" data-element_type=\"widget\" data-widget_type=\"heading.default\">\n\t\t\t\t<div class=\"elementor-widget-container\">\n\t\t\t<h3 class=\"elementor-heading-title elementor-size-default\">Peter Kj\u00e4ll<\/h3>\t\t<\/div>\n\t\t\t\t<\/div>\n\t\t\t\t<div class=\"elementor-element elementor-element-0a1018e elementor-widget elementor-widget-text-editor\" data-id=\"0a1018e\" data-element_type=\"widget\" data-widget_type=\"text-editor.default\">\n\t\t\t\t<div class=\"elementor-widget-container\">\n\t\t\t\t\t\t\t<p>Healthtech Lead<br \/><strong>Tech Sverige<\/strong><\/p>\t\t\t\t\t\t<\/div>\n\t\t\t\t<\/div>\n\t\t\t\t<\/div>\n\t\t<div class=\"elementor-element elementor-element-c103ba7 e-con-full e-flex e-con e-child\" data-id=\"c103ba7\" data-element_type=\"container\">\n\t\t\t\t<div class=\"elementor-element elementor-element-9595d0c elementor-widget elementor-widget-image\" data-id=\"9595d0c\" data-element_type=\"widget\" data-widget_type=\"image.default\">\n\t\t\t\t<div class=\"elementor-widget-container\">\n\t\t\t\t\t\t\t\t\t\t\t\t\t<img loading=\"lazy\" decoding=\"async\" width=\"300\" height=\"300\" src=\"https:\/\/nmevents.se\/medtechdagen\/wp-content\/uploads\/sites\/65\/2025\/08\/Medtechdagen25_talare_Bjorn-300x300.png\" class=\"attachment-medium size-medium wp-image-2361\" alt=\"\" srcset=\"https:\/\/nmevents.se\/medtechdagen\/wp-content\/uploads\/sites\/65\/2025\/08\/Medtechdagen25_talare_Bjorn-300x300.png 300w, https:\/\/nmevents.se\/medtechdagen\/wp-content\/uploads\/sites\/65\/2025\/08\/Medtechdagen25_talare_Bjorn-150x150.png 150w, https:\/\/nmevents.se\/medtechdagen\/wp-content\/uploads\/sites\/65\/2025\/08\/Medtechdagen25_talare_Bjorn-768x765.png 768w, https:\/\/nmevents.se\/medtechdagen\/wp-content\/uploads\/sites\/65\/2025\/08\/Medtechdagen25_talare_Bjorn.png 774w\" sizes=\"(max-width: 300px) 100vw, 300px\" \/>\t\t\t\t\t\t\t\t\t\t\t\t\t<\/div>\n\t\t\t\t<\/div>\n\t\t\t\t<div class=\"elementor-element elementor-element-f65c274 elementor-widget elementor-widget-heading\" data-id=\"f65c274\" data-element_type=\"widget\" data-widget_type=\"heading.default\">\n\t\t\t\t<div class=\"elementor-widget-container\">\n\t\t\t<h3 class=\"elementor-heading-title elementor-size-default\">Bj\u00f6rn Eriksson<\/h3>\t\t<\/div>\n\t\t\t\t<\/div>\n\t\t\t\t<div class=\"elementor-element elementor-element-cfb64b5 elementor-widget elementor-widget-text-editor\" data-id=\"cfb64b5\" data-element_type=\"widget\" data-widget_type=\"text-editor.default\">\n\t\t\t\t<div class=\"elementor-widget-container\">\n\t\t\t\t\t\t\t<p>Generaldirekt\u00f6r<br \/><strong>Socialstyrelsen<\/strong><\/p>\t\t\t\t\t\t<\/div>\n\t\t\t\t<\/div>\n\t\t\t\t<\/div>\n\t\t\t\t<\/div>\n\t\t\t\t<\/div>\n\t\t<div class=\"elementor-element elementor-element-5c0d04a e-con-full e-flex e-con e-parent\" data-id=\"5c0d04a\" data-element_type=\"container\" data-core-v316-plus=\"true\">\n\t\t<div class=\"elementor-element elementor-element-5052942 e-con-full e-flex e-con e-child\" data-id=\"5052942\" data-element_type=\"container\">\n\t\t<div class=\"elementor-element elementor-element-ed5343c e-con-full e-flex e-con e-child\" data-id=\"ed5343c\" data-element_type=\"container\">\n\t\t\t\t<div class=\"elementor-element elementor-element-9ee2064 elementor-widget elementor-widget-image\" data-id=\"9ee2064\" data-element_type=\"widget\" data-widget_type=\"image.default\">\n\t\t\t\t<div class=\"elementor-widget-container\">\n\t\t\t\t\t\t\t\t\t\t\t\t\t<img loading=\"lazy\" decoding=\"async\" width=\"300\" height=\"300\" src=\"https:\/\/nmevents.se\/medtechdagen\/wp-content\/uploads\/sites\/65\/2025\/08\/Medtechdagen25_talare_Susanna-300x300.png\" class=\"attachment-medium size-medium wp-image-2363\" alt=\"\" srcset=\"https:\/\/nmevents.se\/medtechdagen\/wp-content\/uploads\/sites\/65\/2025\/08\/Medtechdagen25_talare_Susanna-300x300.png 300w, https:\/\/nmevents.se\/medtechdagen\/wp-content\/uploads\/sites\/65\/2025\/08\/Medtechdagen25_talare_Susanna-150x150.png 150w, https:\/\/nmevents.se\/medtechdagen\/wp-content\/uploads\/sites\/65\/2025\/08\/Medtechdagen25_talare_Susanna-768x765.png 768w, https:\/\/nmevents.se\/medtechdagen\/wp-content\/uploads\/sites\/65\/2025\/08\/Medtechdagen25_talare_Susanna.png 774w\" sizes=\"(max-width: 300px) 100vw, 300px\" \/>\t\t\t\t\t\t\t\t\t\t\t\t\t<\/div>\n\t\t\t\t<\/div>\n\t\t\t\t<div class=\"elementor-element elementor-element-47fb786 elementor-widget elementor-widget-heading\" data-id=\"47fb786\" data-element_type=\"widget\" data-widget_type=\"heading.default\">\n\t\t\t\t<div class=\"elementor-widget-container\">\n\t\t\t<h3 class=\"elementor-heading-title elementor-size-default\">Susanna Francke Rodau <\/h3>\t\t<\/div>\n\t\t\t\t<\/div>\n\t\t\t\t<div class=\"elementor-element elementor-element-c0efda3 elementor-widget elementor-widget-text-editor\" data-id=\"c0efda3\" data-element_type=\"widget\" data-widget_type=\"text-editor.default\">\n\t\t\t\t<div class=\"elementor-widget-container\">\n\t\t\t\t\t\t\t<p>VD &amp; Managing Partner<br \/><strong>Segulah Medical Acceleration\u00a0<\/strong><\/p>\t\t\t\t\t\t<\/div>\n\t\t\t\t<\/div>\n\t\t\t\t<\/div>\n\t\t<div class=\"elementor-element elementor-element-bb222e7 e-con-full e-flex e-con e-child\" data-id=\"bb222e7\" data-element_type=\"container\">\n\t\t\t\t<div class=\"elementor-element elementor-element-a45eabb elementor-widget elementor-widget-image\" data-id=\"a45eabb\" data-element_type=\"widget\" data-widget_type=\"image.default\">\n\t\t\t\t<div class=\"elementor-widget-container\">\n\t\t\t\t\t\t\t\t\t\t\t\t\t<img loading=\"lazy\" decoding=\"async\" width=\"300\" height=\"300\" src=\"https:\/\/nmevents.se\/medtechdagen\/wp-content\/uploads\/sites\/65\/2025\/08\/Medtechdagen25_talare_Stephanie-300x300.png\" class=\"attachment-medium size-medium wp-image-2364\" alt=\"\" srcset=\"https:\/\/nmevents.se\/medtechdagen\/wp-content\/uploads\/sites\/65\/2025\/08\/Medtechdagen25_talare_Stephanie-300x300.png 300w, https:\/\/nmevents.se\/medtechdagen\/wp-content\/uploads\/sites\/65\/2025\/08\/Medtechdagen25_talare_Stephanie-150x150.png 150w, https:\/\/nmevents.se\/medtechdagen\/wp-content\/uploads\/sites\/65\/2025\/08\/Medtechdagen25_talare_Stephanie-768x765.png 768w, https:\/\/nmevents.se\/medtechdagen\/wp-content\/uploads\/sites\/65\/2025\/08\/Medtechdagen25_talare_Stephanie.png 774w\" sizes=\"(max-width: 300px) 100vw, 300px\" \/>\t\t\t\t\t\t\t\t\t\t\t\t\t<\/div>\n\t\t\t\t<\/div>\n\t\t\t\t<div class=\"elementor-element elementor-element-5d53e68 elementor-widget elementor-widget-heading\" data-id=\"5d53e68\" data-element_type=\"widget\" data-widget_type=\"heading.default\">\n\t\t\t\t<div class=\"elementor-widget-container\">\n\t\t\t<h3 class=\"elementor-heading-title elementor-size-default\">Stephanie Sievers<\/h3>\t\t<\/div>\n\t\t\t\t<\/div>\n\t\t\t\t<div class=\"elementor-element elementor-element-66f2293 elementor-widget elementor-widget-text-editor\" data-id=\"66f2293\" data-element_type=\"widget\" data-widget_type=\"text-editor.default\">\n\t\t\t\t<div class=\"elementor-widget-container\">\n\t\t\t\t\t\t\t<p>Leader Nordics<br \/><strong>Philips<\/strong><\/p>\t\t\t\t\t\t<\/div>\n\t\t\t\t<\/div>\n\t\t\t\t<\/div>\n\t\t<div class=\"elementor-element elementor-element-ef097fa e-con-full e-flex e-con e-child\" data-id=\"ef097fa\" data-element_type=\"container\">\n\t\t\t\t<div class=\"elementor-element elementor-element-e0e89cd elementor-widget elementor-widget-image\" data-id=\"e0e89cd\" data-element_type=\"widget\" data-widget_type=\"image.default\">\n\t\t\t\t<div class=\"elementor-widget-container\">\n\t\t\t\t\t\t\t\t\t\t\t\t\t<img loading=\"lazy\" decoding=\"async\" width=\"300\" height=\"300\" src=\"https:\/\/nmevents.se\/medtechdagen\/wp-content\/uploads\/sites\/65\/2025\/08\/Medtechdagen25_talare_Gabriel-300x300.png\" class=\"attachment-medium size-medium wp-image-2365\" alt=\"\" srcset=\"https:\/\/nmevents.se\/medtechdagen\/wp-content\/uploads\/sites\/65\/2025\/08\/Medtechdagen25_talare_Gabriel-300x300.png 300w, https:\/\/nmevents.se\/medtechdagen\/wp-content\/uploads\/sites\/65\/2025\/08\/Medtechdagen25_talare_Gabriel-150x150.png 150w, https:\/\/nmevents.se\/medtechdagen\/wp-content\/uploads\/sites\/65\/2025\/08\/Medtechdagen25_talare_Gabriel-768x765.png 768w, https:\/\/nmevents.se\/medtechdagen\/wp-content\/uploads\/sites\/65\/2025\/08\/Medtechdagen25_talare_Gabriel.png 774w\" sizes=\"(max-width: 300px) 100vw, 300px\" \/>\t\t\t\t\t\t\t\t\t\t\t\t\t<\/div>\n\t\t\t\t<\/div>\n\t\t\t\t<div class=\"elementor-element elementor-element-4068389 elementor-widget elementor-widget-heading\" data-id=\"4068389\" data-element_type=\"widget\" data-widget_type=\"heading.default\">\n\t\t\t\t<div class=\"elementor-widget-container\">\n\t\t\t<h3 class=\"elementor-heading-title elementor-size-default\">Gabriel Urwitz <\/h3>\t\t<\/div>\n\t\t\t\t<\/div>\n\t\t\t\t<div class=\"elementor-element elementor-element-da7866f elementor-widget elementor-widget-text-editor\" data-id=\"da7866f\" data-element_type=\"widget\" data-widget_type=\"text-editor.default\">\n\t\t\t\t<div class=\"elementor-widget-container\">\n\t\t\t\t\t\t\t<p>Svensk finansman, f\u00f6retagsekonomisk forskare och grundare<br \/><strong>Segulah Medical Acceleration\u00a0<\/strong><\/p>\t\t\t\t\t\t<\/div>\n\t\t\t\t<\/div>\n\t\t\t\t<\/div>\n\t\t<div class=\"elementor-element elementor-element-ff840c3 e-con-full e-flex e-con e-child\" data-id=\"ff840c3\" data-element_type=\"container\">\n\t\t\t\t<div class=\"elementor-element elementor-element-1cd774a elementor-widget elementor-widget-image\" data-id=\"1cd774a\" data-element_type=\"widget\" data-widget_type=\"image.default\">\n\t\t\t\t<div class=\"elementor-widget-container\">\n\t\t\t\t\t\t\t\t\t\t\t\t\t<img loading=\"lazy\" decoding=\"async\" width=\"300\" height=\"300\" src=\"https:\/\/nmevents.se\/medtechdagen\/wp-content\/uploads\/sites\/65\/2025\/08\/Medtechdagen25_talare_Lukas-S-300x300.png\" class=\"attachment-medium size-medium wp-image-2367\" alt=\"\" srcset=\"https:\/\/nmevents.se\/medtechdagen\/wp-content\/uploads\/sites\/65\/2025\/08\/Medtechdagen25_talare_Lukas-S-300x300.png 300w, https:\/\/nmevents.se\/medtechdagen\/wp-content\/uploads\/sites\/65\/2025\/08\/Medtechdagen25_talare_Lukas-S-150x150.png 150w, https:\/\/nmevents.se\/medtechdagen\/wp-content\/uploads\/sites\/65\/2025\/08\/Medtechdagen25_talare_Lukas-S-768x765.png 768w, https:\/\/nmevents.se\/medtechdagen\/wp-content\/uploads\/sites\/65\/2025\/08\/Medtechdagen25_talare_Lukas-S.png 774w\" sizes=\"(max-width: 300px) 100vw, 300px\" \/>\t\t\t\t\t\t\t\t\t\t\t\t\t<\/div>\n\t\t\t\t<\/div>\n\t\t\t\t<div class=\"elementor-element elementor-element-391fc7b elementor-widget elementor-widget-heading\" data-id=\"391fc7b\" data-element_type=\"widget\" data-widget_type=\"heading.default\">\n\t\t\t\t<div class=\"elementor-widget-container\">\n\t\t\t<h3 class=\"elementor-heading-title elementor-size-default\">Lukas Saari<\/h3>\t\t<\/div>\n\t\t\t\t<\/div>\n\t\t\t\t<div class=\"elementor-element elementor-element-bf63d73 elementor-widget elementor-widget-text-editor\" data-id=\"bf63d73\" data-element_type=\"widget\" data-widget_type=\"text-editor.default\">\n\t\t\t\t<div class=\"elementor-widget-container\">\n\t\t\t\t\t\t\t<p>VD<br \/><strong>Tandem Health<\/strong><\/p>\t\t\t\t\t\t<\/div>\n\t\t\t\t<\/div>\n\t\t\t\t<\/div>\n\t\t\t\t<\/div>\n\t\t\t\t<\/div>\n\t\t<div class=\"elementor-element elementor-element-f1fee54 e-con-full e-flex e-con e-parent\" data-id=\"f1fee54\" data-element_type=\"container\" data-core-v316-plus=\"true\">\n\t\t<div class=\"elementor-element elementor-element-1c91ec2 e-con-full e-flex e-con e-child\" data-id=\"1c91ec2\" data-element_type=\"container\">\n\t\t<div class=\"elementor-element elementor-element-802b92d e-con-full e-flex e-con e-child\" data-id=\"802b92d\" data-element_type=\"container\">\n\t\t\t\t<div class=\"elementor-element elementor-element-d46c1e9 elementor-widget elementor-widget-image\" data-id=\"d46c1e9\" data-element_type=\"widget\" data-widget_type=\"image.default\">\n\t\t\t\t<div class=\"elementor-widget-container\">\n\t\t\t\t\t\t\t\t\t\t\t\t\t<img loading=\"lazy\" decoding=\"async\" width=\"300\" height=\"300\" src=\"https:\/\/nmevents.se\/medtechdagen\/wp-content\/uploads\/sites\/65\/2025\/08\/Medtechdagen25_talare_Peter-L-300x300.png\" class=\"attachment-medium size-medium wp-image-2368\" alt=\"\" srcset=\"https:\/\/nmevents.se\/medtechdagen\/wp-content\/uploads\/sites\/65\/2025\/08\/Medtechdagen25_talare_Peter-L-300x300.png 300w, https:\/\/nmevents.se\/medtechdagen\/wp-content\/uploads\/sites\/65\/2025\/08\/Medtechdagen25_talare_Peter-L-150x150.png 150w, https:\/\/nmevents.se\/medtechdagen\/wp-content\/uploads\/sites\/65\/2025\/08\/Medtechdagen25_talare_Peter-L-768x765.png 768w, https:\/\/nmevents.se\/medtechdagen\/wp-content\/uploads\/sites\/65\/2025\/08\/Medtechdagen25_talare_Peter-L.png 774w\" sizes=\"(max-width: 300px) 100vw, 300px\" \/>\t\t\t\t\t\t\t\t\t\t\t\t\t<\/div>\n\t\t\t\t<\/div>\n\t\t\t\t<div class=\"elementor-element elementor-element-a1c031e elementor-widget elementor-widget-heading\" data-id=\"a1c031e\" data-element_type=\"widget\" data-widget_type=\"heading.default\">\n\t\t\t\t<div class=\"elementor-widget-container\">\n\t\t\t<h3 class=\"elementor-heading-title elementor-size-default\">Peter L\u00f6wendahl<\/h3>\t\t<\/div>\n\t\t\t\t<\/div>\n\t\t\t\t<div class=\"elementor-element elementor-element-e2070b2 elementor-widget elementor-widget-text-editor\" data-id=\"e2070b2\" data-element_type=\"widget\" data-widget_type=\"text-editor.default\">\n\t\t\t\t<div class=\"elementor-widget-container\">\n\t\t\t\t\t\t\t<p>MDR-konsult, grundare<br \/><strong>Hoff &amp; Lowendahl\u00a0<\/strong><\/p>\t\t\t\t\t\t<\/div>\n\t\t\t\t<\/div>\n\t\t\t\t<\/div>\n\t\t<div class=\"elementor-element elementor-element-c8e6e15 e-con-full e-flex e-con e-child\" data-id=\"c8e6e15\" data-element_type=\"container\">\n\t\t\t\t<div class=\"elementor-element elementor-element-d7fd30d elementor-widget elementor-widget-image\" data-id=\"d7fd30d\" data-element_type=\"widget\" data-widget_type=\"image.default\">\n\t\t\t\t<div class=\"elementor-widget-container\">\n\t\t\t\t\t\t\t\t\t\t\t\t\t<img loading=\"lazy\" decoding=\"async\" width=\"300\" height=\"300\" src=\"https:\/\/nmevents.se\/medtechdagen\/wp-content\/uploads\/sites\/65\/2025\/08\/Medtechdagen25_talare_Samuel-300x300.png\" class=\"attachment-medium size-medium wp-image-2369\" alt=\"\" srcset=\"https:\/\/nmevents.se\/medtechdagen\/wp-content\/uploads\/sites\/65\/2025\/08\/Medtechdagen25_talare_Samuel-300x300.png 300w, https:\/\/nmevents.se\/medtechdagen\/wp-content\/uploads\/sites\/65\/2025\/08\/Medtechdagen25_talare_Samuel-150x150.png 150w, https:\/\/nmevents.se\/medtechdagen\/wp-content\/uploads\/sites\/65\/2025\/08\/Medtechdagen25_talare_Samuel-768x765.png 768w, https:\/\/nmevents.se\/medtechdagen\/wp-content\/uploads\/sites\/65\/2025\/08\/Medtechdagen25_talare_Samuel.png 774w\" sizes=\"(max-width: 300px) 100vw, 300px\" \/>\t\t\t\t\t\t\t\t\t\t\t\t\t<\/div>\n\t\t\t\t<\/div>\n\t\t\t\t<div class=\"elementor-element elementor-element-9264471 elementor-widget elementor-widget-heading\" data-id=\"9264471\" data-element_type=\"widget\" data-widget_type=\"heading.default\">\n\t\t\t\t<div class=\"elementor-widget-container\">\n\t\t\t<h3 class=\"elementor-heading-title elementor-size-default\">Samuel Lagercrantz<\/h3>\t\t<\/div>\n\t\t\t\t<\/div>\n\t\t\t\t<div class=\"elementor-element elementor-element-34914ee elementor-widget elementor-widget-text-editor\" data-id=\"34914ee\" data-element_type=\"widget\" data-widget_type=\"text-editor.default\">\n\t\t\t\t<div class=\"elementor-widget-container\">\n\t\t\t\t\t\t\t<p>Chefredakt\u00f6r<br \/><strong>Medtech Magazine<\/strong><\/p>\t\t\t\t\t\t<\/div>\n\t\t\t\t<\/div>\n\t\t\t\t<\/div>\n\t\t<div class=\"elementor-element elementor-element-6fa05bc e-con-full e-flex e-con e-child\" data-id=\"6fa05bc\" data-element_type=\"container\">\n\t\t\t\t<div class=\"elementor-element elementor-element-cd3daaf elementor-widget elementor-widget-image\" data-id=\"cd3daaf\" data-element_type=\"widget\" data-widget_type=\"image.default\">\n\t\t\t\t<div class=\"elementor-widget-container\">\n\t\t\t\t\t\t\t\t\t\t\t\t\t<img loading=\"lazy\" decoding=\"async\" width=\"300\" height=\"300\" src=\"https:\/\/nmevents.se\/medtechdagen\/wp-content\/uploads\/sites\/65\/2025\/08\/Medtechdagen25_talare_Asa-300x300.png\" class=\"attachment-medium size-medium wp-image-2370\" alt=\"\" srcset=\"https:\/\/nmevents.se\/medtechdagen\/wp-content\/uploads\/sites\/65\/2025\/08\/Medtechdagen25_talare_Asa-300x300.png 300w, https:\/\/nmevents.se\/medtechdagen\/wp-content\/uploads\/sites\/65\/2025\/08\/Medtechdagen25_talare_Asa-150x150.png 150w, https:\/\/nmevents.se\/medtechdagen\/wp-content\/uploads\/sites\/65\/2025\/08\/Medtechdagen25_talare_Asa-768x765.png 768w, https:\/\/nmevents.se\/medtechdagen\/wp-content\/uploads\/sites\/65\/2025\/08\/Medtechdagen25_talare_Asa.png 774w\" sizes=\"(max-width: 300px) 100vw, 300px\" \/>\t\t\t\t\t\t\t\t\t\t\t\t\t<\/div>\n\t\t\t\t<\/div>\n\t\t\t\t<div class=\"elementor-element elementor-element-7986c1b elementor-widget elementor-widget-heading\" data-id=\"7986c1b\" data-element_type=\"widget\" data-widget_type=\"heading.default\">\n\t\t\t\t<div class=\"elementor-widget-container\">\n\t\t\t<h3 class=\"elementor-heading-title elementor-size-default\">\u00c5sa Betten<\/h3>\t\t<\/div>\n\t\t\t\t<\/div>\n\t\t\t\t<div class=\"elementor-element elementor-element-1d6e1b5 elementor-widget elementor-widget-text-editor\" data-id=\"1d6e1b5\" data-element_type=\"widget\" data-widget_type=\"text-editor.default\">\n\t\t\t\t<div class=\"elementor-widget-container\">\n\t\t\t\t\t\t\t<p>VD<br><strong>RISE Medical Notified Body&nbsp;<\/strong><\/p>\t\t\t\t\t\t<\/div>\n\t\t\t\t<\/div>\n\t\t\t\t<\/div>\n\t\t<div class=\"elementor-element elementor-element-cea6ce7 e-con-full e-flex e-con e-child\" data-id=\"cea6ce7\" data-element_type=\"container\">\n\t\t\t\t<div class=\"elementor-element elementor-element-87bc38a elementor-widget elementor-widget-image\" data-id=\"87bc38a\" data-element_type=\"widget\" data-widget_type=\"image.default\">\n\t\t\t\t<div class=\"elementor-widget-container\">\n\t\t\t\t\t\t\t\t\t\t\t\t\t<img loading=\"lazy\" decoding=\"async\" width=\"300\" height=\"300\" src=\"https:\/\/nmevents.se\/medtechdagen\/wp-content\/uploads\/sites\/65\/2025\/08\/Medtechdagen25_talare_Lena-300x300.png\" class=\"attachment-medium size-medium wp-image-2375\" alt=\"\" srcset=\"https:\/\/nmevents.se\/medtechdagen\/wp-content\/uploads\/sites\/65\/2025\/08\/Medtechdagen25_talare_Lena-300x300.png 300w, https:\/\/nmevents.se\/medtechdagen\/wp-content\/uploads\/sites\/65\/2025\/08\/Medtechdagen25_talare_Lena-150x150.png 150w, https:\/\/nmevents.se\/medtechdagen\/wp-content\/uploads\/sites\/65\/2025\/08\/Medtechdagen25_talare_Lena-768x765.png 768w, https:\/\/nmevents.se\/medtechdagen\/wp-content\/uploads\/sites\/65\/2025\/08\/Medtechdagen25_talare_Lena.png 774w\" sizes=\"(max-width: 300px) 100vw, 300px\" \/>\t\t\t\t\t\t\t\t\t\t\t\t\t<\/div>\n\t\t\t\t<\/div>\n\t\t\t\t<div class=\"elementor-element elementor-element-62dcb85 elementor-widget elementor-widget-heading\" data-id=\"62dcb85\" data-element_type=\"widget\" data-widget_type=\"heading.default\">\n\t\t\t\t<div class=\"elementor-widget-container\">\n\t\t\t<h3 class=\"elementor-heading-title elementor-size-default\">Lena Str\u00f6mberg<\/h3>\t\t<\/div>\n\t\t\t\t<\/div>\n\t\t\t\t<div class=\"elementor-element elementor-element-5c356d7 elementor-widget elementor-widget-text-editor\" data-id=\"5c356d7\" data-element_type=\"widget\" data-widget_type=\"text-editor.default\">\n\t\t\t\t<div class=\"elementor-widget-container\">\n\t\t\t\t\t\t\t<p>VD<br \/><strong>Medtech4Health<\/strong><\/p>\t\t\t\t\t\t<\/div>\n\t\t\t\t<\/div>\n\t\t\t\t<\/div>\n\t\t\t\t<\/div>\n\t\t\t\t<\/div>\n\t\t<div class=\"elementor-element elementor-element-45a130c e-con-full e-flex e-con e-parent\" data-id=\"45a130c\" data-element_type=\"container\" data-core-v316-plus=\"true\">\n\t\t<div class=\"elementor-element elementor-element-407a768 e-con-full e-flex e-con e-child\" data-id=\"407a768\" data-element_type=\"container\">\n\t\t<div class=\"elementor-element elementor-element-b83d426 e-con-full e-flex e-con e-child\" data-id=\"b83d426\" data-element_type=\"container\">\n\t\t\t\t<div class=\"elementor-element elementor-element-8c8ac46 elementor-widget elementor-widget-image\" data-id=\"8c8ac46\" data-element_type=\"widget\" data-widget_type=\"image.default\">\n\t\t\t\t<div class=\"elementor-widget-container\">\n\t\t\t\t\t\t\t\t\t\t\t\t\t<img loading=\"lazy\" decoding=\"async\" width=\"300\" height=\"298\" src=\"https:\/\/nmevents.se\/medtechdagen\/wp-content\/uploads\/sites\/65\/2025\/09\/Medtechdagen25_talare_Julia-300x298.png\" class=\"attachment-medium size-medium wp-image-2455\" alt=\"\" srcset=\"https:\/\/nmevents.se\/medtechdagen\/wp-content\/uploads\/sites\/65\/2025\/09\/Medtechdagen25_talare_Julia-300x298.png 300w, https:\/\/nmevents.se\/medtechdagen\/wp-content\/uploads\/sites\/65\/2025\/09\/Medtechdagen25_talare_Julia-150x150.png 150w, https:\/\/nmevents.se\/medtechdagen\/wp-content\/uploads\/sites\/65\/2025\/09\/Medtechdagen25_talare_Julia.png 372w\" sizes=\"(max-width: 300px) 100vw, 300px\" \/>\t\t\t\t\t\t\t\t\t\t\t\t\t<\/div>\n\t\t\t\t<\/div>\n\t\t\t\t<div class=\"elementor-element elementor-element-cc6263f elementor-widget elementor-widget-heading\" data-id=\"cc6263f\" data-element_type=\"widget\" data-widget_type=\"heading.default\">\n\t\t\t\t<div class=\"elementor-widget-container\">\n\t\t\t<h3 class=\"elementor-heading-title elementor-size-default\">Julia Elf<\/h3>\t\t<\/div>\n\t\t\t\t<\/div>\n\t\t\t\t<div class=\"elementor-element elementor-element-c9becf1 elementor-widget elementor-widget-text-editor\" data-id=\"c9becf1\" data-element_type=\"widget\" data-widget_type=\"text-editor.default\">\n\t\t\t\t<div class=\"elementor-widget-container\">\n\t\t\t\t\t\t\t<p>VD<br \/><strong>Elfcare<\/strong><\/p>\t\t\t\t\t\t<\/div>\n\t\t\t\t<\/div>\n\t\t\t\t<\/div>\n\t\t<div class=\"elementor-element elementor-element-c2c5319 e-con-full e-flex e-con e-child\" data-id=\"c2c5319\" data-element_type=\"container\">\n\t\t\t\t<div class=\"elementor-element elementor-element-0db825d elementor-widget elementor-widget-image\" data-id=\"0db825d\" data-element_type=\"widget\" data-widget_type=\"image.default\">\n\t\t\t\t<div class=\"elementor-widget-container\">\n\t\t\t\t\t\t\t\t\t\t\t\t\t<img loading=\"lazy\" decoding=\"async\" width=\"300\" height=\"300\" src=\"https:\/\/nmevents.se\/medtechdagen\/wp-content\/uploads\/sites\/65\/2025\/09\/Medtechdagen25_talare_Joakim-ny-300x300.png\" class=\"attachment-medium size-medium wp-image-2457\" alt=\"\" srcset=\"https:\/\/nmevents.se\/medtechdagen\/wp-content\/uploads\/sites\/65\/2025\/09\/Medtechdagen25_talare_Joakim-ny-300x300.png 300w, https:\/\/nmevents.se\/medtechdagen\/wp-content\/uploads\/sites\/65\/2025\/09\/Medtechdagen25_talare_Joakim-ny-150x150.png 150w, https:\/\/nmevents.se\/medtechdagen\/wp-content\/uploads\/sites\/65\/2025\/09\/Medtechdagen25_talare_Joakim-ny-768x765.png 768w, https:\/\/nmevents.se\/medtechdagen\/wp-content\/uploads\/sites\/65\/2025\/09\/Medtechdagen25_talare_Joakim-ny.png 774w\" sizes=\"(max-width: 300px) 100vw, 300px\" \/>\t\t\t\t\t\t\t\t\t\t\t\t\t<\/div>\n\t\t\t\t<\/div>\n\t\t\t\t<div class=\"elementor-element elementor-element-e999f24 elementor-widget elementor-widget-heading\" data-id=\"e999f24\" data-element_type=\"widget\" data-widget_type=\"heading.default\">\n\t\t\t\t<div class=\"elementor-widget-container\">\n\t\t\t<h3 class=\"elementor-heading-title elementor-size-default\">Joakim Mark<\/h3>\t\t<\/div>\n\t\t\t\t<\/div>\n\t\t\t\t<div class=\"elementor-element elementor-element-b31a92a elementor-widget elementor-widget-text-editor\" data-id=\"b31a92a\" data-element_type=\"widget\" data-widget_type=\"text-editor.default\">\n\t\t\t\t<div class=\"elementor-widget-container\">\n\t\t\t\t\t\t\t<p>Teknisk chef f\u00f6r cybers\u00e4kerhet<br \/><strong>Intertek<\/strong><\/p>\t\t\t\t\t\t<\/div>\n\t\t\t\t<\/div>\n\t\t\t\t<\/div>\n\t\t<div class=\"elementor-element elementor-element-bd1eac5 e-con-full e-flex e-con e-child\" data-id=\"bd1eac5\" data-element_type=\"container\">\n\t\t\t\t<div class=\"elementor-element elementor-element-66d51af elementor-widget elementor-widget-image\" data-id=\"66d51af\" data-element_type=\"widget\" data-widget_type=\"image.default\">\n\t\t\t\t<div class=\"elementor-widget-container\">\n\t\t\t\t\t\t\t\t\t\t\t\t\t<img loading=\"lazy\" decoding=\"async\" width=\"300\" height=\"300\" src=\"https:\/\/nmevents.se\/medtechdagen\/wp-content\/uploads\/sites\/65\/2025\/09\/Medtechdagen25_talare_Gunilla-300x300.png\" class=\"attachment-medium size-medium wp-image-2484\" alt=\"\" srcset=\"https:\/\/nmevents.se\/medtechdagen\/wp-content\/uploads\/sites\/65\/2025\/09\/Medtechdagen25_talare_Gunilla-300x300.png 300w, https:\/\/nmevents.se\/medtechdagen\/wp-content\/uploads\/sites\/65\/2025\/09\/Medtechdagen25_talare_Gunilla-150x150.png 150w, https:\/\/nmevents.se\/medtechdagen\/wp-content\/uploads\/sites\/65\/2025\/09\/Medtechdagen25_talare_Gunilla-768x765.png 768w, https:\/\/nmevents.se\/medtechdagen\/wp-content\/uploads\/sites\/65\/2025\/09\/Medtechdagen25_talare_Gunilla.png 774w\" sizes=\"(max-width: 300px) 100vw, 300px\" \/>\t\t\t\t\t\t\t\t\t\t\t\t\t<\/div>\n\t\t\t\t<\/div>\n\t\t\t\t<div class=\"elementor-element elementor-element-8fc672a elementor-widget elementor-widget-heading\" data-id=\"8fc672a\" data-element_type=\"widget\" data-widget_type=\"heading.default\">\n\t\t\t\t<div class=\"elementor-widget-container\">\n\t\t\t<h3 class=\"elementor-heading-title elementor-size-default\">Gunilla Andrew- Nielsen<\/h3>\t\t<\/div>\n\t\t\t\t<\/div>\n\t\t\t\t<div class=\"elementor-element elementor-element-2e83c18 elementor-widget elementor-widget-text-editor\" data-id=\"2e83c18\" data-element_type=\"widget\" data-widget_type=\"text-editor.default\">\n\t\t\t\t<div class=\"elementor-widget-container\">\n\t\t\t\t\t\t\t<p>t.f kanslichef<br \/><strong>SweTrial, L\u00e4kemedelsverket<\/strong><\/p>\t\t\t\t\t\t<\/div>\n\t\t\t\t<\/div>\n\t\t\t\t<\/div>\n\t\t<div class=\"elementor-element elementor-element-e78068c e-con-full e-flex e-con e-child\" data-id=\"e78068c\" data-element_type=\"container\">\n\t\t\t\t<\/div>\n\t\t\t\t<\/div>\n\t\t\t\t<\/div>\n\t\t\t\t<\/div>\n\t\t","protected":false},"excerpt":{"rendered":"<p>Dagens moderator Linda Nyberg PR- och kommunikationsexpert Anna Lefevre Skj\u00f6ldebrand VDSwedish Medtech Peter Kj\u00e4ll Healthtech LeadTech Sverige Bj\u00f6rn Eriksson Generaldirekt\u00f6rSocialstyrelsen Susanna Francke Rodau VD &amp; Managing PartnerSegulah Medical Acceleration\u00a0 Stephanie Sievers Leader NordicsPhilips Gabriel Urwitz Svensk finansman, f\u00f6retagsekonomisk forskare och grundareSegulah Medical Acceleration\u00a0 Lukas Saari VDTandem Health Peter L\u00f6wendahl MDR-konsult, grundareHoff &amp; Lowendahl\u00a0 Samuel Lagercrantz [&hellip;]<\/p>\n","protected":false},"author":5,"featured_media":0,"parent":0,"menu_order":0,"comment_status":"closed","ping_status":"closed","template":"","meta":{"_acf_changed":false,"footnotes":""},"acf":[],"_links":{"self":[{"href":"https:\/\/nmevents.se\/medtechdagen\/wp-json\/wp\/v2\/pages\/2132"}],"collection":[{"href":"https:\/\/nmevents.se\/medtechdagen\/wp-json\/wp\/v2\/pages"}],"about":[{"href":"https:\/\/nmevents.se\/medtechdagen\/wp-json\/wp\/v2\/types\/page"}],"author":[{"embeddable":true,"href":"https:\/\/nmevents.se\/medtechdagen\/wp-json\/wp\/v2\/users\/5"}],"replies":[{"embeddable":true,"href":"https:\/\/nmevents.se\/medtechdagen\/wp-json\/wp\/v2\/comments?post=2132"}],"version-history":[{"count":116,"href":"https:\/\/nmevents.se\/medtechdagen\/wp-json\/wp\/v2\/pages\/2132\/revisions"}],"predecessor-version":[{"id":2612,"href":"https:\/\/nmevents.se\/medtechdagen\/wp-json\/wp\/v2\/pages\/2132\/revisions\/2612"}],"wp:attachment":[{"href":"https:\/\/nmevents.se\/medtechdagen\/wp-json\/wp\/v2\/media?parent=2132"}],"curies":[{"name":"wp","href":"https:\/\/api.w.org\/{rel}","templated":true}]}}