{"id":696,"date":"2023-11-30T12:24:44","date_gmt":"2023-11-30T10:24:44","guid":{"rendered":"https:\/\/eventdk.nordiske-medier.dk\/pack-point-nordic\/?page_id=696"},"modified":"2026-01-08T09:37:42","modified_gmt":"2026-01-08T08:37:42","slug":"kontakt","status":"publish","type":"page","link":"https:\/\/nmevents.se\/medtechdagen\/kontakt\/","title":{"rendered":"Kontakt"},"content":{"rendered":"\t\t<div data-elementor-type=\"wp-page\" data-elementor-id=\"696\" class=\"elementor elementor-696\" data-elementor-post-type=\"page\">\n\t\t\t\t<div class=\"elementor-element elementor-element-351bf82 e-flex e-con-boxed e-con e-parent\" data-id=\"351bf82\" data-element_type=\"container\" data-core-v316-plus=\"true\">\n\t\t\t\t\t<div class=\"e-con-inner\">\n\t\t\t\t<div class=\"elementor-element elementor-element-e7b1851 elementor-widget elementor-widget-spacer\" data-id=\"e7b1851\" data-element_type=\"widget\" data-widget_type=\"spacer.default\">\n\t\t\t\t<div class=\"elementor-widget-container\">\n\t\t\t<style>\/*! elementor - v3.20.0 - 20-03-2024 *\/\n.elementor-column .elementor-spacer-inner{height:var(--spacer-size)}.e-con{--container-widget-width:100%}.e-con-inner>.elementor-widget-spacer,.e-con>.elementor-widget-spacer{width:var(--container-widget-width,var(--spacer-size));--align-self:var(--container-widget-align-self,initial);--flex-shrink:0}.e-con-inner>.elementor-widget-spacer>.elementor-widget-container,.e-con>.elementor-widget-spacer>.elementor-widget-container{height:100%;width:100%}.e-con-inner>.elementor-widget-spacer>.elementor-widget-container>.elementor-spacer,.e-con>.elementor-widget-spacer>.elementor-widget-container>.elementor-spacer{height:100%}.e-con-inner>.elementor-widget-spacer>.elementor-widget-container>.elementor-spacer>.elementor-spacer-inner,.e-con>.elementor-widget-spacer>.elementor-widget-container>.elementor-spacer>.elementor-spacer-inner{height:var(--container-widget-height,var(--spacer-size))}.e-con-inner>.elementor-widget-spacer.elementor-widget-empty,.e-con>.elementor-widget-spacer.elementor-widget-empty{position:relative;min-height:22px;min-width:22px}.e-con-inner>.elementor-widget-spacer.elementor-widget-empty .elementor-widget-empty-icon,.e-con>.elementor-widget-spacer.elementor-widget-empty .elementor-widget-empty-icon{position:absolute;top:0;bottom:0;left:0;right:0;margin:auto;padding:0;width:22px;height:22px}<\/style>\t\t<div class=\"elementor-spacer\">\n\t\t\t<div class=\"elementor-spacer-inner\"><\/div>\n\t\t<\/div>\n\t\t\t\t<\/div>\n\t\t\t\t<\/div>\n\t\t\t\t\t<\/div>\n\t\t\t\t<\/div>\n\t\t<div class=\"elementor-element elementor-element-2d82937 e-flex e-con-boxed e-con e-parent\" data-id=\"2d82937\" data-element_type=\"container\" data-settings=\"{&quot;background_background&quot;:&quot;gradient&quot;}\" data-core-v316-plus=\"true\">\n\t\t\t\t\t<div class=\"e-con-inner\">\n\t\t\t\t<div class=\"elementor-element elementor-element-31f27bf elementor-widget elementor-widget-text-editor\" data-id=\"31f27bf\" data-element_type=\"widget\" data-widget_type=\"text-editor.default\">\n\t\t\t\t<div class=\"elementor-widget-container\">\n\t\t\t<style>\/*! elementor - v3.20.0 - 20-03-2024 *\/\n.elementor-widget-text-editor.elementor-drop-cap-view-stacked .elementor-drop-cap{background-color:#69727d;color:#fff}.elementor-widget-text-editor.elementor-drop-cap-view-framed .elementor-drop-cap{color:#69727d;border:3px solid;background-color:transparent}.elementor-widget-text-editor:not(.elementor-drop-cap-view-default) .elementor-drop-cap{margin-top:8px}.elementor-widget-text-editor:not(.elementor-drop-cap-view-default) .elementor-drop-cap-letter{width:1em;height:1em}.elementor-widget-text-editor .elementor-drop-cap{float:left;text-align:center;line-height:1;font-size:50px}.elementor-widget-text-editor .elementor-drop-cap-letter{display:inline-block}<\/style>\t\t\t\t<p>Kontakta oss:\u00a0<\/p>\t\t\t\t\t\t<\/div>\n\t\t\t\t<\/div>\n\t\t\t\t\t<\/div>\n\t\t\t\t<\/div>\n\t\t<div class=\"elementor-element elementor-element-a6de37a e-flex e-con-boxed e-con e-parent\" data-id=\"a6de37a\" data-element_type=\"container\" data-core-v316-plus=\"true\">\n\t\t\t\t\t<div class=\"e-con-inner\">\n\t\t<div class=\"elementor-element elementor-element-79469d1 e-con-full e-flex e-con e-child\" data-id=\"79469d1\" data-element_type=\"container\">\n\t\t\t\t<div class=\"elementor-element elementor-element-f28447b elementor-widget elementor-widget-image\" data-id=\"f28447b\" data-element_type=\"widget\" data-widget_type=\"image.default\">\n\t\t\t\t<div class=\"elementor-widget-container\">\n\t\t\t<style>\/*! elementor - v3.20.0 - 20-03-2024 *\/\n.elementor-widget-image{text-align:center}.elementor-widget-image a{display:inline-block}.elementor-widget-image a img[src$=\".svg\"]{width:48px}.elementor-widget-image img{vertical-align:middle;display:inline-block}<\/style>\t\t\t\t\t\t\t\t\t\t<img fetchpriority=\"high\" decoding=\"async\" width=\"774\" height=\"771\" src=\"https:\/\/nmevents.se\/medtechdagen\/wp-content\/uploads\/sites\/65\/2025\/04\/Medtechdagen25_jossan.png\" class=\"attachment-full size-full wp-image-1734\" alt=\"\" srcset=\"https:\/\/nmevents.se\/medtechdagen\/wp-content\/uploads\/sites\/65\/2025\/04\/Medtechdagen25_jossan.png 774w, https:\/\/nmevents.se\/medtechdagen\/wp-content\/uploads\/sites\/65\/2025\/04\/Medtechdagen25_jossan-300x300.png 300w, https:\/\/nmevents.se\/medtechdagen\/wp-content\/uploads\/sites\/65\/2025\/04\/Medtechdagen25_jossan-150x150.png 150w, https:\/\/nmevents.se\/medtechdagen\/wp-content\/uploads\/sites\/65\/2025\/04\/Medtechdagen25_jossan-768x765.png 768w\" sizes=\"(max-width: 774px) 100vw, 774px\" \/>\t\t\t\t\t\t\t\t\t\t\t\t\t<\/div>\n\t\t\t\t<\/div>\n\t\t\t\t<div class=\"elementor-element elementor-element-41dbaf9 elementor-widget elementor-widget-heading\" data-id=\"41dbaf9\" data-element_type=\"widget\" data-widget_type=\"heading.default\">\n\t\t\t\t<div class=\"elementor-widget-container\">\n\t\t\t<style>\/*! elementor - v3.20.0 - 20-03-2024 *\/\n.elementor-heading-title{padding:0;margin:0;line-height:1}.elementor-widget-heading .elementor-heading-title[class*=elementor-size-]>a{color:inherit;font-size:inherit;line-height:inherit}.elementor-widget-heading .elementor-heading-title.elementor-size-small{font-size:15px}.elementor-widget-heading .elementor-heading-title.elementor-size-medium{font-size:19px}.elementor-widget-heading .elementor-heading-title.elementor-size-large{font-size:29px}.elementor-widget-heading .elementor-heading-title.elementor-size-xl{font-size:39px}.elementor-widget-heading .elementor-heading-title.elementor-size-xxl{font-size:59px}<\/style><h3 class=\"elementor-heading-title elementor-size-default\">Josefine Rydstedt <\/h3>\t\t<\/div>\n\t\t\t\t<\/div>\n\t\t\t\t<div class=\"elementor-element elementor-element-cea2d6f elementor-widget elementor-widget-text-editor\" data-id=\"cea2d6f\" data-element_type=\"widget\" data-widget_type=\"text-editor.default\">\n\t\t\t\t<div class=\"elementor-widget-container\">\n\t\t\t\t\t\t\t<p class=\"staff-member-position\">Projektledare<br>070 171 61 79<br>josefine.rydstedt@nordiskemedier.se<br><strong>F\u00f6r fr\u00e5gor kring eventet<\/strong><\/p>\t\t\t\t\t\t<\/div>\n\t\t\t\t<\/div>\n\t\t\t\t<\/div>\n\t\t<div class=\"elementor-element elementor-element-658dfdd e-con-full e-flex e-con e-child\" data-id=\"658dfdd\" data-element_type=\"container\">\n\t\t\t\t<div class=\"elementor-element elementor-element-a5864a0 elementor-widget elementor-widget-image\" data-id=\"a5864a0\" data-element_type=\"widget\" data-widget_type=\"image.default\">\n\t\t\t\t<div class=\"elementor-widget-container\">\n\t\t\t\t\t\t\t\t\t\t\t\t\t<img decoding=\"async\" width=\"774\" height=\"771\" src=\"https:\/\/nmevents.se\/medtechdagen\/wp-content\/uploads\/sites\/65\/2025\/04\/Medtechdagen25_Samuel.png\" class=\"attachment-full size-full wp-image-1730\" alt=\"\" srcset=\"https:\/\/nmevents.se\/medtechdagen\/wp-content\/uploads\/sites\/65\/2025\/04\/Medtechdagen25_Samuel.png 774w, https:\/\/nmevents.se\/medtechdagen\/wp-content\/uploads\/sites\/65\/2025\/04\/Medtechdagen25_Samuel-300x300.png 300w, https:\/\/nmevents.se\/medtechdagen\/wp-content\/uploads\/sites\/65\/2025\/04\/Medtechdagen25_Samuel-150x150.png 150w, https:\/\/nmevents.se\/medtechdagen\/wp-content\/uploads\/sites\/65\/2025\/04\/Medtechdagen25_Samuel-768x765.png 768w\" sizes=\"(max-width: 774px) 100vw, 774px\" \/>\t\t\t\t\t\t\t\t\t\t\t\t\t<\/div>\n\t\t\t\t<\/div>\n\t\t\t\t<div class=\"elementor-element elementor-element-c1b28e0 elementor-widget elementor-widget-heading\" data-id=\"c1b28e0\" data-element_type=\"widget\" data-widget_type=\"heading.default\">\n\t\t\t\t<div class=\"elementor-widget-container\">\n\t\t\t<h3 class=\"elementor-heading-title elementor-size-default\">Samuel Lagercrantz<\/h3>\t\t<\/div>\n\t\t\t\t<\/div>\n\t\t\t\t<div class=\"elementor-element elementor-element-76a1302 elementor-widget elementor-widget-text-editor\" data-id=\"76a1302\" data-element_type=\"widget\" data-widget_type=\"text-editor.default\">\n\t\t\t\t<div class=\"elementor-widget-container\">\n\t\t\t\t\t\t\t<p class=\"staff-member-position\">Chefredakt\u00f6r<br \/>079 337 19 60<br \/>samuel.lagercrantz@nordiskemedier.se<br \/><strong>F\u00f6r press- och inneh\u00e5llsrelaterade fr\u00e5gor<\/strong><\/p>\t\t\t\t\t\t<\/div>\n\t\t\t\t<\/div>\n\t\t\t\t<\/div>\n\t\t<div class=\"elementor-element elementor-element-5a67ac1 e-con-full e-flex e-con e-child\" data-id=\"5a67ac1\" data-element_type=\"container\">\n\t\t\t\t<div class=\"elementor-element elementor-element-135335e elementor-widget elementor-widget-image\" data-id=\"135335e\" data-element_type=\"widget\" data-widget_type=\"image.default\">\n\t\t\t\t<div class=\"elementor-widget-container\">\n\t\t\t\t\t\t\t\t\t\t\t\t\t<img decoding=\"async\" width=\"774\" height=\"771\" src=\"https:\/\/nmevents.se\/medtechdagen\/wp-content\/uploads\/sites\/65\/2025\/06\/Medtechdagen25_Valdemar.png\" class=\"attachment-full size-full wp-image-2254\" alt=\"\" srcset=\"https:\/\/nmevents.se\/medtechdagen\/wp-content\/uploads\/sites\/65\/2025\/06\/Medtechdagen25_Valdemar.png 774w, https:\/\/nmevents.se\/medtechdagen\/wp-content\/uploads\/sites\/65\/2025\/06\/Medtechdagen25_Valdemar-300x300.png 300w, https:\/\/nmevents.se\/medtechdagen\/wp-content\/uploads\/sites\/65\/2025\/06\/Medtechdagen25_Valdemar-150x150.png 150w, https:\/\/nmevents.se\/medtechdagen\/wp-content\/uploads\/sites\/65\/2025\/06\/Medtechdagen25_Valdemar-768x765.png 768w\" sizes=\"(max-width: 774px) 100vw, 774px\" \/>\t\t\t\t\t\t\t\t\t\t\t\t\t<\/div>\n\t\t\t\t<\/div>\n\t\t\t\t<div class=\"elementor-element elementor-element-13dd04b elementor-widget elementor-widget-heading\" data-id=\"13dd04b\" data-element_type=\"widget\" data-widget_type=\"heading.default\">\n\t\t\t\t<div class=\"elementor-widget-container\">\n\t\t\t<h3 class=\"elementor-heading-title elementor-size-default\">Valdemar Ahlroth<\/h3>\t\t<\/div>\n\t\t\t\t<\/div>\n\t\t\t\t<div class=\"elementor-element elementor-element-a2b4b54 elementor-widget elementor-widget-text-editor\" data-id=\"a2b4b54\" data-element_type=\"widget\" data-widget_type=\"text-editor.default\">\n\t\t\t\t<div class=\"elementor-widget-container\">\n\t\t\t\t\t\t\t<p>Key Account Manager, <br \/>Medtech Magazine<br \/>\u00a0070 769 43 14<br \/>valdemar.ahlroth@nordiskemedier.se<br \/><strong>F\u00f6r fr\u00e5gor om partnerskap<\/strong><\/p>\t\t\t\t\t\t<\/div>\n\t\t\t\t<\/div>\n\t\t\t\t<\/div>\n\t\t<div class=\"elementor-element elementor-element-4b9fd38 e-con-full e-flex e-con e-child\" data-id=\"4b9fd38\" data-element_type=\"container\">\n\t\t\t\t<div class=\"elementor-element elementor-element-2b4ec49 elementor-widget elementor-widget-image\" data-id=\"2b4ec49\" data-element_type=\"widget\" data-widget_type=\"image.default\">\n\t\t\t\t<div class=\"elementor-widget-container\">\n\t\t\t\t\t\t\t\t\t\t\t\t\t<img loading=\"lazy\" decoding=\"async\" width=\"774\" height=\"771\" src=\"https:\/\/nmevents.se\/medtechdagen\/wp-content\/uploads\/sites\/65\/2026\/01\/Medtechdagen_Kontakt-Sofia.png\" class=\"attachment-full size-full wp-image-2769\" alt=\"\" srcset=\"https:\/\/nmevents.se\/medtechdagen\/wp-content\/uploads\/sites\/65\/2026\/01\/Medtechdagen_Kontakt-Sofia.png 774w, https:\/\/nmevents.se\/medtechdagen\/wp-content\/uploads\/sites\/65\/2026\/01\/Medtechdagen_Kontakt-Sofia-300x300.png 300w, https:\/\/nmevents.se\/medtechdagen\/wp-content\/uploads\/sites\/65\/2026\/01\/Medtechdagen_Kontakt-Sofia-150x150.png 150w, https:\/\/nmevents.se\/medtechdagen\/wp-content\/uploads\/sites\/65\/2026\/01\/Medtechdagen_Kontakt-Sofia-768x765.png 768w\" sizes=\"(max-width: 774px) 100vw, 774px\" \/>\t\t\t\t\t\t\t\t\t\t\t\t\t<\/div>\n\t\t\t\t<\/div>\n\t\t\t\t<div class=\"elementor-element elementor-element-096d26d elementor-widget elementor-widget-heading\" data-id=\"096d26d\" data-element_type=\"widget\" data-widget_type=\"heading.default\">\n\t\t\t\t<div class=\"elementor-widget-container\">\n\t\t\t<h3 class=\"elementor-heading-title elementor-size-default\">Sofia Waldell <\/h3>\t\t<\/div>\n\t\t\t\t<\/div>\n\t\t\t\t<div class=\"elementor-element elementor-element-e7c33d8 elementor-widget elementor-widget-text-editor\" data-id=\"e7c33d8\" data-element_type=\"widget\" data-widget_type=\"text-editor.default\">\n\t\t\t\t<div class=\"elementor-widget-container\">\n\t\t\t\t\t\t\t<p>Key Account Manager, Plastforum<br \/>073 640 80 35<br \/>sofia.waldell@nordiskemedier.se<br \/><strong>F\u00f6r fr\u00e5gor om partnerskap<\/strong><\/p>\t\t\t\t\t\t<\/div>\n\t\t\t\t<\/div>\n\t\t\t\t<\/div>\n\t\t\t\t\t<\/div>\n\t\t\t\t<\/div>\n\t\t<div class=\"elementor-element elementor-element-ea95258 e-flex e-con-boxed e-con e-parent\" data-id=\"ea95258\" data-element_type=\"container\" data-core-v316-plus=\"true\">\n\t\t\t\t\t<div class=\"e-con-inner\">\n\t\t\t\t<div class=\"elementor-element elementor-element-1649e8e elementor-widget elementor-widget-spacer\" data-id=\"1649e8e\" data-element_type=\"widget\" data-widget_type=\"spacer.default\">\n\t\t\t\t<div class=\"elementor-widget-container\">\n\t\t\t\t\t<div class=\"elementor-spacer\">\n\t\t\t<div class=\"elementor-spacer-inner\"><\/div>\n\t\t<\/div>\n\t\t\t\t<\/div>\n\t\t\t\t<\/div>\n\t\t\t\t\t<\/div>\n\t\t\t\t<\/div>\n\t\t<div class=\"elementor-element elementor-element-ec02c7c e-flex e-con-boxed e-con e-parent\" data-id=\"ec02c7c\" data-element_type=\"container\" data-core-v316-plus=\"true\">\n\t\t\t\t\t<div class=\"e-con-inner\">\n\t\t\t\t<div class=\"elementor-element elementor-element-5f25f35 elementor-widget elementor-widget-spacer\" data-id=\"5f25f35\" data-element_type=\"widget\" data-widget_type=\"spacer.default\">\n\t\t\t\t<div class=\"elementor-widget-container\">\n\t\t\t\t\t<div class=\"elementor-spacer\">\n\t\t\t<div class=\"elementor-spacer-inner\"><\/div>\n\t\t<\/div>\n\t\t\t\t<\/div>\n\t\t\t\t<\/div>\n\t\t\t\t\t<\/div>\n\t\t\t\t<\/div>\n\t\t\t\t<\/div>\n\t\t","protected":false},"excerpt":{"rendered":"<p>Kontakta oss:\u00a0 Josefine Rydstedt Projektledare070 171 61 79josefine.rydstedt@nordiskemedier.seF\u00f6r fr\u00e5gor kring eventet Samuel Lagercrantz Chefredakt\u00f6r079 337 19 60samuel.lagercrantz@nordiskemedier.seF\u00f6r press- och inneh\u00e5llsrelaterade fr\u00e5gor Valdemar Ahlroth Key Account Manager, Medtech Magazine\u00a0070 769 43 14valdemar.ahlroth@nordiskemedier.seF\u00f6r fr\u00e5gor om partnerskap Sofia Waldell Key Account Manager, Plastforum073 640 80 35sofia.waldell@nordiskemedier.seF\u00f6r fr\u00e5gor om partnerskap<\/p>\n","protected":false},"author":1,"featured_media":0,"parent":0,"menu_order":0,"comment_status":"closed","ping_status":"closed","template":"elementor_header_footer","meta":{"_acf_changed":false,"footnotes":""},"acf":[],"_links":{"self":[{"href":"https:\/\/nmevents.se\/medtechdagen\/wp-json\/wp\/v2\/pages\/696"}],"collection":[{"href":"https:\/\/nmevents.se\/medtechdagen\/wp-json\/wp\/v2\/pages"}],"about":[{"href":"https:\/\/nmevents.se\/medtechdagen\/wp-json\/wp\/v2\/types\/page"}],"author":[{"embeddable":true,"href":"https:\/\/nmevents.se\/medtechdagen\/wp-json\/wp\/v2\/users\/1"}],"replies":[{"embeddable":true,"href":"https:\/\/nmevents.se\/medtechdagen\/wp-json\/wp\/v2\/comments?post=696"}],"version-history":[{"count":125,"href":"https:\/\/nmevents.se\/medtechdagen\/wp-json\/wp\/v2\/pages\/696\/revisions"}],"predecessor-version":[{"id":2781,"href":"https:\/\/nmevents.se\/medtechdagen\/wp-json\/wp\/v2\/pages\/696\/revisions\/2781"}],"wp:attachment":[{"href":"https:\/\/nmevents.se\/medtechdagen\/wp-json\/wp\/v2\/media?parent=696"}],"curies":[{"name":"wp","href":"https:\/\/api.w.org\/{rel}","templated":true}]}}